{"id":3437,"date":"2026-03-30T15:44:12","date_gmt":"2026-03-30T13:44:12","guid":{"rendered":"https:\/\/consdortmund.esteri.it\/?page_id=3437"},"modified":"2026-04-10T08:23:41","modified_gmt":"2026-04-10T06:23:41","slug":"italienisch-lektorate-an-auslaendischen-universitaeten","status":"publish","type":"page","link":"https:\/\/consdortmund.esteri.it\/de\/italia-e-germania\/diplomazia-culturale\/italienisch-lektorate-an-auslaendischen-universitaeten\/","title":{"rendered":"Italienisch-Lektorate an ausl\u00e4ndischen Universit\u00e4ten"},"content":{"rendered":"<p style=\"margin-top: 0cm; background: white;\"><span style=\"font-size: 13.5pt; font-family: 'Tahoma',sans-serif; color: #1a1a1a;\">Die Lektoren stellen eine gro\u00dfe Ressource im terti\u00e4ren Bildungssystem im Ausland dar: Es handelt sich um festangestellte Lehrkr\u00e4fte der italienischen Sekundarstufe, die mit <strong><span style=\"font-family: 'Tahoma',sans-serif;\">dem Unterrichten <\/span><\/strong>der italienischen Sprache an ausl\u00e4ndischen Universit\u00e4ten betraut sind und auch bei <strong><span style=\"font-family: 'Tahoma',sans-serif;\">der Betreuung <\/span><\/strong>der Studierenden sowie bei <strong><span style=\"font-family: 'Tahoma',sans-serif;\">Forschungsaktivit\u00e4ten <\/span><\/strong>im Bereich der italienischen Sprache und Kultur mitwirken.<\/span><\/p>\n<p style=\"margin-top: 0cm; background: white;\"><span style=\"font-size: 13.5pt; font-family: 'Tahoma',sans-serif; color: #1a1a1a;\">Das Ministerium f\u00fcr ausw\u00e4rtige Angelegenheiten und internationale Zusammenarbeit kann die Lektoren zudem mit <strong><span style=\"font-family: 'Tahoma',sans-serif;\">zus\u00e4tzlichen Aufgaben zur F\u00f6rderung der italienischen Sprache und Kultur betrauen, <\/span><\/strong>indem es ihnen <strong><span style=\"font-family: 'Tahoma',sans-serif;\">au\u00dferakademische Aufgaben<\/span><\/strong> \u00fcbertr\u00e4gt, die die Organisation kultureller Veranstaltungen, die Lehrt\u00e4tigkeit in Kursen zur italienischen Sprache und Kultur, die von italienischen Kulturinstituten, diplomatischen Vertretungen oder Konsulaten organisiert werden, die Entwicklung bilateraler kultureller Beziehungen, auch im Hinblick auf Stipendien und Jugendaustausch.<\/span><\/p>\n<p style=\"margin-top: 0cm; background: white;\"><span style=\"font-size: 13.5pt; font-family: 'Tahoma',sans-serif; color: #1a1a1a;\">Im akademischen Jahr 2024\/2025 wurden<strong><span style=\"font-family: 'Tahoma',sans-serif;\"> 132<\/span><\/strong> Lektorate eingerichtet, davon 43 mit au\u00dferakademischen Aufgaben, verteilt auf<strong><span style=\"font-family: 'Tahoma',sans-serif;\"> 63 L\u00e4nder weltweit<\/span><\/strong>. Europa ist die geografische Region mit der h\u00f6chsten Anzahl an Lektoren (63), gefolgt von Asien und Ozeanien (24), dem Mittelmeerraum und dem Nahen Osten (20), Amerika (21) und Subsahara-Afrika (4).<\/span><\/p>\n","protected":false},"excerpt":{"rendered":"Die Lektoren stellen eine gro\u00dfe Ressource im terti\u00e4ren Bildungssystem im Ausland dar: Es handelt sich um festangestellte Lehrkr\u00e4fte der italienischen Sekundarstufe, die mit dem Unterrichten der italienischen Sprache an ausl\u00e4ndischen Universit\u00e4ten betraut sind und auch bei der Betreuung der Studierenden sowie bei Forschungsaktivit\u00e4ten im Bereich der italienischen Sprache und Kultur mitwirken. Das Ministerium f\u00fcr ausw\u00e4rtige [&hellip;]","protected":false},"author":11,"featured_media":0,"parent":90,"menu_order":0,"comment_status":"closed","ping_status":"closed","template":"","meta":{"footnotes":""},"class_list":["post-3437","page","type-page","status-publish","hentry"],"_links":{"self":[{"href":"https:\/\/consdortmund.esteri.it\/de\/wp-json\/wp\/v2\/pages\/3437","targetHints":{"allow":["GET"]}}],"collection":[{"href":"https:\/\/consdortmund.esteri.it\/de\/wp-json\/wp\/v2\/pages"}],"about":[{"href":"https:\/\/consdortmund.esteri.it\/de\/wp-json\/wp\/v2\/types\/page"}],"author":[{"embeddable":true,"href":"https:\/\/consdortmund.esteri.it\/de\/wp-json\/wp\/v2\/users\/11"}],"replies":[{"embeddable":true,"href":"https:\/\/consdortmund.esteri.it\/de\/wp-json\/wp\/v2\/comments?post=3437"}],"version-history":[{"count":1,"href":"https:\/\/consdortmund.esteri.it\/de\/wp-json\/wp\/v2\/pages\/3437\/revisions"}],"predecessor-version":[{"id":3440,"href":"https:\/\/consdortmund.esteri.it\/de\/wp-json\/wp\/v2\/pages\/3437\/revisions\/3440"}],"up":[{"embeddable":true,"href":"https:\/\/consdortmund.esteri.it\/de\/wp-json\/wp\/v2\/pages\/90"}],"wp:attachment":[{"href":"https:\/\/consdortmund.esteri.it\/de\/wp-json\/wp\/v2\/media?parent=3437"}],"curies":[{"name":"wp","href":"https:\/\/api.w.org\/{rel}","templated":true}]}}